{"id":2259,"date":"2025-04-17T20:57:16","date_gmt":"2025-04-17T18:57:16","guid":{"rendered":"https:\/\/valleproperties.eu\/?post_type=product&#038;p=2259"},"modified":"2025-04-17T21:04:03","modified_gmt":"2025-04-17T19:04:03","slug":"sea-side","status":"publish","type":"product","link":"https:\/\/valleproperties.eu\/fr\/produit\/sea-side\/","title":{"rendered":"Sea Side"},"content":{"rendered":"<h3 class=\"\" data-start=\"173\" data-end=\"245\">\ud83c\udf1e Vive el Mediterr\u00e1neo: Sol, Relax y Estilo en la Costa del Sol \ud83c\udf0a\u2728<\/h3>\n<p class=\"\" data-start=\"247\" data-end=\"542\"><strong data-start=\"247\" data-end=\"294\">Sum\u00e9rgete en el encanto de la Costa del Sol<\/strong>, donde el sol brilla casi todo el a\u00f1o y cada d\u00eda es una invitaci\u00f3n a disfrutar. Este elegante y luminoso apartamento en planta baja es el lugar ideal para unas vacaciones en familia, una escapada en pareja o simplemente para desconectar del mundo.<\/p>\n<p class=\"\" data-start=\"544\" data-end=\"619\">Ubicado en una urbanizaci\u00f3n moderna y tranquila, el alojamiento cuenta con:<\/p>\n<ul data-start=\"620\" data-end=\"945\">\n<li class=\"\" data-start=\"620\" data-end=\"704\">\n<p class=\"\" data-start=\"622\" data-end=\"704\"><strong data-start=\"622\" data-end=\"654\">Dos dormitorios confortables<\/strong>, decorados con gusto y pensados para el descanso,<\/p>\n<\/li>\n<li class=\"\" data-start=\"705\" data-end=\"788\">\n<p class=\"\" data-start=\"707\" data-end=\"788\">Un <strong data-start=\"710\" data-end=\"731\">despacho vers\u00e1til<\/strong> ideal si necesitas trabajar o leer en un espacio sereno,<\/p>\n<\/li>\n<li class=\"\" data-start=\"789\" data-end=\"945\">\n<p class=\"\" data-start=\"791\" data-end=\"945\">Y una <strong data-start=\"797\" data-end=\"856\">amplia terraza privada con espectaculares vistas al mar<\/strong>, perfecta para desayunos al aire libre, cenas al atardecer o simplemente para relajarte.<\/p>\n<\/li>\n<\/ul>\n<p class=\"\" data-start=\"947\" data-end=\"1185\">El dise\u00f1o contempor\u00e1neo del interior est\u00e1 pensado para maximizar la <strong data-start=\"1015\" data-end=\"1030\">luz natural<\/strong> y el confort. La cocina est\u00e1 completamente equipada, el sal\u00f3n es amplio y acogedor, y el ambiente general transmite una sensaci\u00f3n de bienestar y frescura.<\/p>\n<p class=\"\" data-start=\"1187\" data-end=\"1268\">El complejo ofrece todo lo que necesitas para unas vacaciones sin preocupaciones:<\/p>\n<ul data-start=\"1269\" data-end=\"1527\">\n<li class=\"\" data-start=\"1269\" data-end=\"1340\">\n<p class=\"\" data-start=\"1271\" data-end=\"1340\"><strong data-start=\"1271\" data-end=\"1337\">Piscina comunitaria con vistas panor\u00e1micas al mar y la monta\u00f1a<\/strong>,<\/p>\n<\/li>\n<li class=\"\" data-start=\"1341\" data-end=\"1440\">\n<p class=\"\" data-start=\"1343\" data-end=\"1440\"><strong data-start=\"1343\" data-end=\"1375\">Jardines ex\u00f3ticos y cuidados<\/strong>, con bancos donde disfrutar del entorno en total tranquilidad,<\/p>\n<\/li>\n<li class=\"\" data-start=\"1441\" data-end=\"1527\">\n<p class=\"\" data-start=\"1443\" data-end=\"1527\">Y una <strong data-start=\"1449\" data-end=\"1469\">zona de sol\u00e1rium<\/strong> con tumbonas y sombrillas para disfrutar del sol andaluz.<\/p>\n<\/li>\n<\/ul>\n<p class=\"\" data-start=\"1529\" data-end=\"1658\">Adem\u00e1s, contar\u00e1s con <strong data-start=\"1550\" data-end=\"1584\">plaza de aparcamiento exterior<\/strong> dentro del recinto, asegurando comodidad y accesibilidad en todo momento.<\/p>\n<p class=\"\" data-start=\"1660\" data-end=\"1890\">\ud83c\udfd6\ufe0f A solo unos minutos en coche encontrar\u00e1s playas naturales, puertos con encanto, campos de golf y pintorescos pueblos blancos como Casares. Tambi\u00e9n estar\u00e1s cerca del dinamismo cultural de M\u00e1laga o el sabor tradicional de C\u00e1diz.<\/p>","protected":false},"excerpt":{"rendered":"<p>\ud83c\udf1e Vive el Mediterr\u00e1neo: Sol, Relax y Estilo en la Costa del Sol \ud83c\udf0a\u2728 Sum\u00e9rgete en el encanto de la Costa del Sol, donde el sol brilla casi todo el a\u00f1o y cada d\u00eda es una invitaci\u00f3n a disfrutar. Este elegante y luminoso apartamento en planta baja es el lugar ideal para unas vacaciones en [&hellip;]<\/p>","protected":false},"featured_media":2267,"comment_status":"open","ping_status":"closed","template":"","meta":{"content-type":""},"product_brand":[],"product_cat":[52,51],"product_tag":[],"class_list":{"0":"post-2259","1":"product","2":"type-product","3":"status-publish","4":"has-post-thumbnail","6":"product_cat-alquiler-vacacional","7":"product_cat-propiedades","9":"first","10":"instock","11":"sold-individually","12":"taxable","13":"shipping-taxable","14":"purchasable","15":"product-type-jet_booking"},"_links":{"self":[{"href":"https:\/\/valleproperties.eu\/fr\/wp-json\/wp\/v2\/product\/2259","targetHints":{"allow":["GET"]}}],"collection":[{"href":"https:\/\/valleproperties.eu\/fr\/wp-json\/wp\/v2\/product"}],"about":[{"href":"https:\/\/valleproperties.eu\/fr\/wp-json\/wp\/v2\/types\/product"}],"replies":[{"embeddable":true,"href":"https:\/\/valleproperties.eu\/fr\/wp-json\/wp\/v2\/comments?post=2259"}],"wp:featuredmedia":[{"embeddable":true,"href":"https:\/\/valleproperties.eu\/fr\/wp-json\/wp\/v2\/media\/2267"}],"wp:attachment":[{"href":"https:\/\/valleproperties.eu\/fr\/wp-json\/wp\/v2\/media?parent=2259"}],"wp:term":[{"taxonomy":"product_brand","embeddable":true,"href":"https:\/\/valleproperties.eu\/fr\/wp-json\/wp\/v2\/product_brand?post=2259"},{"taxonomy":"product_cat","embeddable":true,"href":"https:\/\/valleproperties.eu\/fr\/wp-json\/wp\/v2\/product_cat?post=2259"},{"taxonomy":"product_tag","embeddable":true,"href":"https:\/\/valleproperties.eu\/fr\/wp-json\/wp\/v2\/product_tag?post=2259"}],"curies":[{"name":"wp","href":"https:\/\/api.w.org\/{rel}","templated":true}]}}